{"id":493,"date":"2018-02-22T10:51:48","date_gmt":"2018-02-22T10:51:48","guid":{"rendered":"http:\/\/santabernardita.azurewebsites.net\/?page_id=493"},"modified":"2018-10-19T09:33:16","modified_gmt":"2018-10-19T09:33:16","slug":"noticias","status":"publish","type":"page","link":"https:\/\/santabernardita.es\/index.php\/noticias\/","title":{"rendered":"Informaci\u00f3n general"},"content":{"rendered":"<p><div class=\"fusion-fullwidth fullwidth-box nonhundred-percent-fullwidth non-hundred-percent-height-scrolling\"  style='background-color: rgba(255,255,255,0);background-position: center center;background-repeat: no-repeat;padding-top:0px;padding-right:0px;padding-bottom:0px;padding-left:0px;'><div class=\"fusion-builder-row fusion-row \"><div  class=\"fusion-layout-column fusion_builder_column fusion_builder_column_1_1  fusion-one-full fusion-column-first fusion-column-last fusion-column-no-min-height 1_1\"  style='margin-top:0px;margin-bottom:20px;'>\n\t\t\t\t\t<div class=\"fusion-column-wrapper\" style=\"padding: 0px 0px 0px 0px;background-position:left top;background-repeat:no-repeat;-webkit-background-size:cover;-moz-background-size:cover;-o-background-size:cover;background-size:cover;\"  data-bg-url=\"\">\n\t\t\t\t\t\t<div class=\"fusion-column-content-centered\"><div class=\"fusion-column-content\">\t\t\t\t\t<div class=\"fusion-slider-container fusion-slider-7 full-width-slider \" id=\"fusion-slider-sc-slider_sb\" style=\"height:400px; max-width:100%;\">\n\t\t\t\t\t\t<style type=\"text\/css\" scoped=\"scoped\">\n\t\t\t\t\t\t.fusion-slider-7 .flex-direction-nav a {\n\t\t\t\t\t\t\twidth:63px;height:63px;line-height:63px;font-size:25px;\t\t\t\t\t\t}\n\n\t\t\t\t\t\t\t\t\t\t\t\t<\/style>\n\t\t\t\t\t\t<div class=\"fusion-slider-loading\">Loading...<\/div>\n\t\t\t\t\t\t<div class=\"tfs-slider flexslider main-flex full-width-slider\" data-slider_width=\"100%\" data-slider_height=\"400px\" data-full_screen=\"0\" data-slider_indicator=\"scroll_down_indicator\" data-parallax=\"0\" data-nav_arrows=\"1\" data-nav_box_width=\"63px\" data-nav_box_height=\"63px\" data-nav_arrow_size=\"25px\" data-autoplay=\"0\" data-loop=\"0\" data-orderby=\"date\" data-order=\"DESC\" data-animation=\"fade\" data-slideshow_speed=\"7000\" data-animation_speed=\"600\" data-typo_sensitivity=\"1\" data-typo_factor=\"1.5\" style=\"max-width:100%;\">\n\t\t\t\t\t\t\t<ul class=\"slides\">\n\t\t\t\t\t\t\t\t\t\t\t\t\t\t\t\t\t<li data-mute=\"yes\" data-loop=\"yes\" data-autoplay=\"yes\">\n\t\t\t\t\t\t\t\t\t\t<div class=\"slide-content-container slide-content-center\" style=\"display: none;\">\n\t\t\t\t\t\t\t\t\t\t\t<div class=\"slide-content\" style=\"\">\n\t\t\t\t\t\t\t\t\t\t\t\t\t\t\t\t\t\t\t\t\t\t\t\t\t\t\t\t\t\t\t\t\t\t\t\t\t\t\t\t\t\t\t\t\t\t\t\t\t<div class=\"buttons\" >\n\t\t\t\t\t\t\t\t\t\t\t\t\t\t\t\t\t\t\t\t\t\t\t\t\t\t\t\t\t\t\t\t\t\t\t\t\t\t\t\t\t<\/div>\n\t\t\t\t\t\t\t\t\t\t\t\t\t\t\t\t\t\t\t\t\t\t\t<\/div>\n\t\t\t\t\t\t\t\t\t\t<\/div>\n\t\t\t\t\t\t\t\t\t\t\t\t\t\t\t\t\t\t\t\t\t\t\t\t\t\t\t\t\t\t\t\t\t\t\t\t\t\t\t\t<div class=\"background background-image\" style=\"background-image: url(https:\/\/santabernardita.es\/wp-content\/uploads\/2019\/10\/aniversario400_1.jpg);max-width:100%;height:400px;filter: progid:DXImageTransform.Microsoft.AlphaImageLoader(src='https:\/\/santabernardita.es\/wp-content\/uploads\/2019\/10\/aniversario400_1.jpg', sizingMethod='scale');-ms-filter:'progid:DXImageTransform.Microsoft.AlphaImageLoader(src='https:\/\/santabernardita.es\/wp-content\/uploads\/2019\/10\/aniversario400_1.jpg', sizingMethod='scale')';\" data-imgwidth=\"1080\">\n\t\t\t\t\t\t\t\t\t\t\t\t\t\t\t\t\t\t\t\t\t\t\t\t\t\t\t\t\t\t\t\t\t\t\t\t\t\t\t\t\t\t\t\t\t\t\t\t\t\t\t\t\t\t\t\t\t\t\t\t\t\t\t\t\t\t<\/div>\n\t\t\t\t\t\t\t\t\t<\/li>\n\t\t\t\t\t\t\t\t\t\t\t\t\t\t\t\t\t<li data-mute=\"yes\" data-loop=\"yes\" data-autoplay=\"yes\">\n\t\t\t\t\t\t\t\t\t\t<div class=\"slide-content-container slide-content-center\" style=\"display: none;\">\n\t\t\t\t\t\t\t\t\t\t\t<div class=\"slide-content\" style=\"\">\n\t\t\t\t\t\t\t\t\t\t\t\t\t\t\t\t\t\t\t\t\t\t\t\t\t<div class=\"heading with-bg\">\n\t\t\t\t\t\t\t\t\t\t\t\t\t\t<div class=\"fusion-title-sc-wrapper\" style=\"background-color: rgba(0,0,0, 0.4);\">\n\t\t\t\t\t\t\t\t\t\t\t\t\t\t\t<div class=\"fusion-title title fusion-sep-none fusion-title-center fusion-title-size-two\" style=\"margin-top:0px;margin-bottom:0px;\"><h2 class=\"title-heading-center\" style=\"font-size:60px;line-height:80px;\">Colegio Santa Bernardita<\/h2><\/div>\t\t\t\t\t\t\t\t\t\t\t\t\t\t<\/div>\n\t\t\t\t\t\t\t\t\t\t\t\t\t<\/div>\n\t\t\t\t\t\t\t\t\t\t\t\t\t\t\t\t\t\t\t\t\t\t\t\t\t\t\t\t\t\t\t\t\t\t\t\t\t<div class=\"caption with-bg\">\n\t\t\t\t\t\t\t\t\t\t\t\t\t\t<div class=\"fusion-title-sc-wrapper\" style=\"background-color: rgba(0, 0, 0, 0.4);\">\n\t\t\t\t\t\t\t\t\t\t\t\t\t\t\t<div class=\"fusion-title title fusion-sep-none fusion-title-center fusion-title-size-three\" style=\"margin-top:0px;margin-bottom:0px;\"><h3 class=\"title-heading-center\" style=\"font-size: 24px;line-height:38px;\">Trabajamos la autonom\u00eda del ni\u00f1o, fomentando su autoestima para que conf\u00ede en sus propias capacidades.<\/h3><\/div>\t\t\t\t\t\t\t\t\t\t\t\t\t\t<\/div>\n\t\t\t\t\t\t\t\t\t\t\t\t\t<\/div>\n\t\t\t\t\t\t\t\t\t\t\t\t\t\t\t\t\t\t\t\t\t\t\t\t\t\t\t\t\t\t\t\t\t\t\t<\/div>\n\t\t\t\t\t\t\t\t\t\t<\/div>\n\t\t\t\t\t\t\t\t\t\t\t\t\t\t\t\t\t\t\t\t\t\t\t\t\t\t\t\t\t\t\t\t\t\t\t\t\t\t\t\t<div class=\"background background-image\" style=\"background-image: url(https:\/\/santabernardita.es\/wp-content\/uploads\/2018\/02\/5c.jpg);max-width:100%;height:400px;filter: progid:DXImageTransform.Microsoft.AlphaImageLoader(src='https:\/\/santabernardita.es\/wp-content\/uploads\/2018\/02\/5c.jpg', sizingMethod='scale');-ms-filter:'progid:DXImageTransform.Microsoft.AlphaImageLoader(src='https:\/\/santabernardita.es\/wp-content\/uploads\/2018\/02\/5c.jpg', sizingMethod='scale')';\" data-imgwidth=\"2013\">\n\t\t\t\t\t\t\t\t\t\t\t\t\t\t\t\t\t\t\t\t\t\t\t\t\t\t\t\t\t\t\t\t\t\t\t\t\t\t\t\t\t\t\t\t\t\t\t\t\t\t\t\t\t\t\t\t\t\t\t\t\t\t\t\t\t\t<\/div>\n\t\t\t\t\t\t\t\t\t<\/li>\n\t\t\t\t\t\t\t\t\t\t\t\t\t\t\t\t\t\t\t\t\t\t\t<\/ul>\n\t\t\t\t\t\t<\/div>\n\t\t\t\t\t<\/div>\n\t\t\t\t\t\t\t\t<div class=\"fusion-title title fusion-title-size-one\" style=\"margin-top:15px;margin-bottom:5px;\"><h1 class=\"title-heading-left\">Informaci\u00f3n general<\/h1><div class=\"title-sep-container\"><div class=\"title-sep sep-double\" style=\"border-color:#004380;\"><\/div><\/div><\/div><\/div><\/div><div class=\"fusion-clearfix\"><\/div>\n\n\t\t\t\t\t<\/div>\n\t\t\t\t<\/div><\/div><\/div><div class=\"fusion-fullwidth fullwidth-box nonhundred-percent-fullwidth non-hundred-percent-height-scrolling\"  style='background-color: rgba(255,255,255,0);background-position: center center;background-repeat: no-repeat;padding-top:0px;padding-right:0px;padding-bottom:0px;padding-left:0px;'><div class=\"fusion-builder-row fusion-row \"><div  class=\"fusion-layout-column fusion_builder_column fusion_builder_column_1_1  fusion-one-full fusion-column-first fusion-column-last 1_1\"  style='margin-top:0px;margin-bottom:20px;width:100%'>\n\t\t\t\t\t<div class=\"fusion-column-wrapper\" style=\"padding: 0px 0px 0px 0px;background-position:left top;background-repeat:no-repeat;-webkit-background-size:cover;-moz-background-size:cover;-o-background-size:cover;background-size:cover;\"  data-bg-url=\"\">\n\t\t\t\t\t\t<div class=\"fusion-recent-posts avada-container layout-thumbnails-on-side layout-columns-3\"><section class=\"fusion-columns columns fusion-columns-3 columns-3\"><div class=\"fusion-column column col col-lg-4 col-md-4 col-sm-4\"><div class=\"fusion-flexslider flexslider floated-slideshow flexslider-hover-type-none\"><ul class=\"slides\"><li><a href=\"https:\/\/santabernardita.es\/index.php\/2026\/02\/23\/admisines-2026-2027-para-el-ii-ciclo-de-ed-infantil-etapa-concertada\/\" class=\"hover-type-none\" aria-label=\"ADMISIONES 2026-2027 PARA EL II CICLO DE ED. INFANTIL (Etapa Concertada)\"><img decoding=\"async\" src=\"https:\/\/santabernardita.es\/wp-content\/uploads\/2024\/03\/MATRICULACIONES-177x142.jpg\" alt=\"\" \/><\/a><\/li><\/ul><\/div><div class=\"recent-posts-content\">\n\t\t\t\n\t\t\t\t\t\t\t<span class=\"vcard\" style=\"display: none;\">\n\t\t\t\t\t<span class=\"fn\">\n\t\t\t\t\t\t<a href=\"https:\/\/santabernardita.es\/index.php\/author\/editorweb\/\" title=\"Entradas de Santa Bernardita\" rel=\"author\">Santa Bernardita<\/a>\t\t\t\t\t<\/span>\n\t\t\t\t<\/span>\n\t\t\t\n\t\t\t\t\t\t\t<span class=\"updated\" style=\"display:none;\">\n\t\t\t\t\t2026-03-10T09:01:07+00:00\t\t\t\t<\/span>\n\t\t\t\n\t\t<h4 class=\"entry-title\"><a href=\"https:\/\/santabernardita.es\/index.php\/2026\/02\/23\/admisines-2026-2027-para-el-ii-ciclo-de-ed-infantil-etapa-concertada\/\">ADMISIONES 2026-2027 PARA EL II CICLO DE ED. INFANTIL (Etapa Concertada)<\/a><\/h4><p>La Comunidad de Madrid publico\u0301 la Resoluci\u00f3n conjunta de las viceconsejer\u00edas de Pol\u00edtica Educativa y de Organizaci\u00f3n Educativa por la que se dictan instrucciones sobre la participaci\u00f3n en el proceso de admisi\u00f3n de alumnos en [...]<\/p><\/div><\/div><div class=\"fusion-column column col col-lg-4 col-md-4 col-sm-4\"><div class=\"fusion-flexslider flexslider floated-slideshow flexslider-hover-type-none\"><ul class=\"slides\"><li><a href=\"https:\/\/santabernardita.es\/index.php\/2025\/03\/10\/proyecto-educativo\/\" class=\"hover-type-none\" aria-label=\"PROYECTO EDUCATIVO\"><img decoding=\"async\" src=\"https:\/\/santabernardita.es\/wp-content\/uploads\/2025\/03\/Documento-A4-Horizontal-Borde-Hoja-de-Papel-Floreado-Rosado-177x142.png\" alt=\"\" \/><\/a><\/li><\/ul><\/div><div class=\"recent-posts-content\">\n\t\t\t\n\t\t\t\t\t\t\t<span class=\"vcard\" style=\"display: none;\">\n\t\t\t\t\t<span class=\"fn\">\n\t\t\t\t\t\t<a href=\"https:\/\/santabernardita.es\/index.php\/author\/editorweb\/\" title=\"Entradas de Santa Bernardita\" rel=\"author\">Santa Bernardita<\/a>\t\t\t\t\t<\/span>\n\t\t\t\t<\/span>\n\t\t\t\n\t\t\t\t\t\t\t<span class=\"updated\" style=\"display:none;\">\n\t\t\t\t\t2025-03-10T16:15:46+00:00\t\t\t\t<\/span>\n\t\t\t\n\t\t<h4 class=\"entry-title\"><a href=\"https:\/\/santabernardita.es\/index.php\/2025\/03\/10\/proyecto-educativo\/\">PROYECTO EDUCATIVO<\/a><\/h4><p>Acceso a los documentos educativos del centro: PROYECTO EDUCATIVO PROPUESTA PEDAGOGICA PLAN INCLUYO PLAN DE INTEGRACI\u00d3N DE LAS TICs PLAN DE FOMENTO DE LA LECTURA PLAN DE CONVIVIENCIA PLAN DE ACCION TUTORIAL NORMAS DE ORGANIZACION, [...]<\/p><\/div><\/div><div class=\"fusion-column column col col-lg-4 col-md-4 col-sm-4\"><div class=\"fusion-flexslider flexslider floated-slideshow flexslider-hover-type-none\"><ul class=\"slides\"><li><a href=\"https:\/\/santabernardita.es\/index.php\/2025\/03\/09\/los-cuentos__trashed\/\" class=\"hover-type-none\" aria-label=\"LOS CUENTOS\"><img decoding=\"async\" src=\"https:\/\/santabernardita.es\/wp-content\/uploads\/2019\/04\/Blanco-1-Panel-Horizontal-Historietas-4-177x142.png\" alt=\"\" \/><\/a><\/li><\/ul><\/div><div class=\"recent-posts-content\">\n\t\t\t\n\t\t\t\t\t\t\t<span class=\"vcard\" style=\"display: none;\">\n\t\t\t\t\t<span class=\"fn\">\n\t\t\t\t\t\t<a href=\"https:\/\/santabernardita.es\/index.php\/author\/editorweb\/\" title=\"Entradas de Santa Bernardita\" rel=\"author\">Santa Bernardita<\/a>\t\t\t\t\t<\/span>\n\t\t\t\t<\/span>\n\t\t\t\n\t\t\t\t\t\t\t<span class=\"updated\" style=\"display:none;\">\n\t\t\t\t\t2025-03-09T12:13:52+00:00\t\t\t\t<\/span>\n\t\t\t\n\t\t<h4 class=\"entry-title\"><a href=\"https:\/\/santabernardita.es\/index.php\/2025\/03\/09\/los-cuentos__trashed\/\">LOS CUENTOS<\/a><\/h4><p>Los cuentos favorecen el desarrollo del lenguaje y de su imaginaci\u00f3n. Por lo que, en nuestro colegio se incluyen en nuestras aulas, pues su introducci\u00f3n crea un ambiente cercano donde la diversi\u00f3n y el aprendizaje [...]<\/p><\/div><\/div><div class=\"fusion-column column col col-lg-4 col-md-4 col-sm-4\"><div class=\"fusion-flexslider flexslider floated-slideshow flexslider-hover-type-none\"><ul class=\"slides\"><li><a href=\"https:\/\/santabernardita.es\/index.php\/2025\/03\/09\/ofrenda-floral-ntra-sra-de-la-almudena\/\" class=\"hover-type-none\" aria-label=\"OFRENDA FLORAL NTRA. SRA. DE LA ALMUDENA\"><img decoding=\"async\" src=\"https:\/\/santabernardita.es\/wp-content\/uploads\/2018\/11\/Documento-A4-Horizontal-Borde-Hoja-de-Papel-Floreado-Rosado-177x142.png\" alt=\"\" \/><\/a><\/li><\/ul><\/div><div class=\"recent-posts-content\">\n\t\t\t\n\t\t\t\t\t\t\t<span class=\"vcard\" style=\"display: none;\">\n\t\t\t\t\t<span class=\"fn\">\n\t\t\t\t\t\t<a href=\"https:\/\/santabernardita.es\/index.php\/author\/editorweb\/\" title=\"Entradas de Santa Bernardita\" rel=\"author\">Santa Bernardita<\/a>\t\t\t\t\t<\/span>\n\t\t\t\t<\/span>\n\t\t\t\n\t\t\t\t\t\t\t<span class=\"updated\" style=\"display:none;\">\n\t\t\t\t\t2025-03-09T11:59:35+00:00\t\t\t\t<\/span>\n\t\t\t\n\t\t<h4 class=\"entry-title\"><a href=\"https:\/\/santabernardita.es\/index.php\/2025\/03\/09\/ofrenda-floral-ntra-sra-de-la-almudena\/\">OFRENDA FLORAL NTRA. SRA. DE LA ALMUDENA<\/a><\/h4><p>El d\u00eda 8 de Noviembre un grupo de madres y alumnos, en representaci\u00f3n del colegio, tuvimos la oportunidad de participar en la ofrenda floral de nuestra Patrona, Santa Mar\u00eda la Real de la Almudena. Fue [...]<\/p><\/div><\/div><div class=\"fusion-column column col col-lg-4 col-md-4 col-sm-4\"><div class=\"fusion-flexslider flexslider floated-slideshow flexslider-hover-type-none\"><ul class=\"slides\"><li><a href=\"https:\/\/santabernardita.es\/index.php\/2025\/03\/09\/centro-recomendado\/\" class=\"hover-type-none\" aria-label=\"CENTRO RECOMENDADO\"><img decoding=\"async\" src=\"https:\/\/santabernardita.es\/wp-content\/uploads\/2025\/03\/7bc957d1-e5fa-4ae1-ba2c-2f6ec98d5cf1-177x142.jpg\" alt=\"\" \/><\/a><\/li><\/ul><\/div><div class=\"recent-posts-content\">\n\t\t\t\n\t\t\t\t\t\t\t<span class=\"vcard\" style=\"display: none;\">\n\t\t\t\t\t<span class=\"fn\">\n\t\t\t\t\t\t<a href=\"https:\/\/santabernardita.es\/index.php\/author\/admin\/\" title=\"Entradas de admin\" rel=\"author\">admin<\/a>\t\t\t\t\t<\/span>\n\t\t\t\t<\/span>\n\t\t\t\n\t\t\t\t\t\t\t<span class=\"updated\" style=\"display:none;\">\n\t\t\t\t\t2025-03-09T11:49:17+00:00\t\t\t\t<\/span>\n\t\t\t\n\t\t<h4 class=\"entry-title\"><a href=\"https:\/\/santabernardita.es\/index.php\/2025\/03\/09\/centro-recomendado\/\">CENTRO RECOMENDADO<\/a><\/h4><p>Gracias al esfuerzo diario, a las familias que conf\u00edan en nuestro nosotras y a nuestro maravilloso alumnado, nuestro colegio es un Centro recomendado por @ameiwaece.<\/p><\/div><\/div><div class=\"fusion-column column col col-lg-4 col-md-4 col-sm-4\"><div class=\"fusion-flexslider flexslider floated-slideshow flexslider-hover-type-none\"><ul class=\"slides\"><li><a href=\"https:\/\/santabernardita.es\/index.php\/2025\/01\/31\/dia-de-la-paz-y-la-no-violencia\/\" class=\"hover-type-none\" aria-label=\"D\u00cdA DE LA PAZ Y LA NO VIOLENCIA\"><img decoding=\"async\" src=\"https:\/\/santabernardita.es\/wp-content\/uploads\/2019\/01\/Documento-A4-Horizontal-Borde-Hoja-de-Papel-Floreado-Rosado-2-177x142.png\" alt=\"\" \/><\/a><\/li><\/ul><\/div><div class=\"recent-posts-content\">\n\t\t\t\n\t\t\t\t\t\t\t<span class=\"vcard\" style=\"display: none;\">\n\t\t\t\t\t<span class=\"fn\">\n\t\t\t\t\t\t<a href=\"https:\/\/santabernardita.es\/index.php\/author\/editorweb\/\" title=\"Entradas de Santa Bernardita\" rel=\"author\">Santa Bernardita<\/a>\t\t\t\t\t<\/span>\n\t\t\t\t<\/span>\n\t\t\t\n\t\t\t\t\t\t\t<span class=\"updated\" style=\"display:none;\">\n\t\t\t\t\t2025-03-09T15:14:31+00:00\t\t\t\t<\/span>\n\t\t\t\n\t\t<h4 class=\"entry-title\"><a href=\"https:\/\/santabernardita.es\/index.php\/2025\/01\/31\/dia-de-la-paz-y-la-no-violencia\/\">D\u00cdA DE LA PAZ Y LA NO VIOLENCIA<\/a><\/h4><p>\u201cS\u00c9 EL CAMBIO QUE QUERR\u00cdAS VER EN EL MUNDO\u201d \u00a0MAHATMA GANDHI Ayer celebramos el d\u00eda de \u201cLA PAZ Y LA NO VIOLENCIA\u201d. Fue una jornada de reflexi\u00f3n sobre nuestro compromiso con LA PAZ. La paz [...]<\/p><\/div><\/div><div class=\"fusion-column column col col-lg-4 col-md-4 col-sm-4\"><div class=\"fusion-flexslider flexslider floated-slideshow flexslider-hover-type-none\"><ul class=\"slides\"><li><a href=\"https:\/\/santabernardita.es\/index.php\/2024\/11\/27\/dia-internacional-del-maestro\/\" class=\"hover-type-none\" aria-label=\"DIA INTERNACIONAL DEL MAESTRO\"><img decoding=\"async\" src=\"https:\/\/santabernardita.es\/wp-content\/uploads\/2018\/11\/Documento-A4-Horizontal-Borde-Hoja-de-Papel-Floreado-Rosado-1-177x142.png\" alt=\"\" \/><\/a><\/li><\/ul><\/div><div class=\"recent-posts-content\">\n\t\t\t\n\t\t\t\t\t\t\t<span class=\"vcard\" style=\"display: none;\">\n\t\t\t\t\t<span class=\"fn\">\n\t\t\t\t\t\t<a href=\"https:\/\/santabernardita.es\/index.php\/author\/editorweb\/\" title=\"Entradas de Santa Bernardita\" rel=\"author\">Santa Bernardita<\/a>\t\t\t\t\t<\/span>\n\t\t\t\t<\/span>\n\t\t\t\n\t\t\t\t\t\t\t<span class=\"updated\" style=\"display:none;\">\n\t\t\t\t\t2025-03-09T12:23:51+00:00\t\t\t\t<\/span>\n\t\t\t\n\t\t<h4 class=\"entry-title\"><a href=\"https:\/\/santabernardita.es\/index.php\/2024\/11\/27\/dia-internacional-del-maestro\/\">DIA INTERNACIONAL DEL MAESTRO<\/a><\/h4><p>Hoy 27 de noviembre del 2024 celebramos el d\u00eda internacional del maestro, d\u00eda del Patronazgo de San Jos\u00e9 de Calasanz. En el colegio hemos querido conmemorar este d\u00eda de una manera vocacional. Las profesoras del [...]<\/p><\/div><\/div><div class=\"fusion-column column col col-lg-4 col-md-4 col-sm-4\"><div class=\"fusion-flexslider flexslider floated-slideshow flexslider-hover-type-none\"><ul class=\"slides\"><li><a href=\"https:\/\/santabernardita.es\/index.php\/2024\/09\/01\/curso-2017-2018\/\" class=\"hover-type-none\" aria-label=\"INFORMACI\u00d3N DEL CENTRO PARA EL CURSO 2025\/2026\"><img decoding=\"async\" src=\"https:\/\/santabernardita.es\/wp-content\/uploads\/2024\/09\/SANTA-BERNARDITA_AZ-removebg-preview-177x142.png\" alt=\"\" \/><\/a><\/li><\/ul><\/div><div class=\"recent-posts-content\">\n\t\t\t\n\t\t\t\t\t\t\t<span class=\"vcard\" style=\"display: none;\">\n\t\t\t\t\t<span class=\"fn\">\n\t\t\t\t\t\t<a href=\"https:\/\/santabernardita.es\/index.php\/author\/joserea\/\" title=\"Entradas de joserea\" rel=\"author\">joserea<\/a>\t\t\t\t\t<\/span>\n\t\t\t\t<\/span>\n\t\t\t\n\t\t\t\t\t\t\t<span class=\"updated\" style=\"display:none;\">\n\t\t\t\t\t2025-10-20T08:37:23+00:00\t\t\t\t<\/span>\n\t\t\t\n\t\t<h4 class=\"entry-title\"><a href=\"https:\/\/santabernardita.es\/index.php\/2024\/09\/01\/curso-2017-2018\/\">INFORMACI\u00d3N DEL CENTRO PARA EL CURSO 2025\/2026<\/a><\/h4><p>C\u00f3digo de centro:\u00a028072909 Denominaci\u00f3n:\u00a0SANTA BERNARDITA En el Centro se admiten: \u00a0BECAS CAM Cheques Guarder\u00eda on-line de: Pluxee, Educainfantil, Edenred (transferencias bancarias), Cobee y Betterfly. No\u00a0se admiten cheques\u00a0en papel.<\/p><\/div><\/div><div class=\"fusion-column column col col-lg-4 col-md-4 col-sm-4\"><div class=\"fusion-flexslider flexslider floated-slideshow flexslider-hover-type-none\"><ul class=\"slides\"><li><a href=\"https:\/\/santabernardita.es\/index.php\/2024\/09\/01\/nuestro-lema-para-el-curso-2024-2025\/\" class=\"hover-type-none\" aria-label=\"NUESTRO LEMA PARA EL CURSO 2025-2026\"><img decoding=\"async\" src=\"https:\/\/santabernardita.es\/wp-content\/uploads\/2024\/09\/25_26-LEMA-CURSO-177x142.jpg\" alt=\"\" \/><\/a><\/li><\/ul><\/div><div class=\"recent-posts-content\">\n\t\t\t\n\t\t\t\t\t\t\t<span class=\"vcard\" style=\"display: none;\">\n\t\t\t\t\t<span class=\"fn\">\n\t\t\t\t\t\t<a href=\"https:\/\/santabernardita.es\/index.php\/author\/editorweb\/\" title=\"Entradas de Santa Bernardita\" rel=\"author\">Santa Bernardita<\/a>\t\t\t\t\t<\/span>\n\t\t\t\t<\/span>\n\t\t\t\n\t\t\t\t\t\t\t<span class=\"updated\" style=\"display:none;\">\n\t\t\t\t\t2025-10-20T08:38:54+00:00\t\t\t\t<\/span>\n\t\t\t\n\t\t<h4 class=\"entry-title\"><a href=\"https:\/\/santabernardita.es\/index.php\/2024\/09\/01\/nuestro-lema-para-el-curso-2024-2025\/\">NUESTRO LEMA PARA EL CURSO 2025-2026<\/a><\/h4><p><\/p><\/div><\/div><div class=\"fusion-column column col col-lg-4 col-md-4 col-sm-4\"><div class=\"recent-posts-content\">\n\t\t\t\n\t\t\t\t\t\t\t<span class=\"vcard\" style=\"display: none;\">\n\t\t\t\t\t<span class=\"fn\">\n\t\t\t\t\t\t<a href=\"https:\/\/santabernardita.es\/index.php\/author\/editorweb\/\" title=\"Entradas de Santa Bernardita\" rel=\"author\">Santa Bernardita<\/a>\t\t\t\t\t<\/span>\n\t\t\t\t<\/span>\n\t\t\t\n\t\t\t\t\t\t\t<span class=\"updated\" style=\"display:none;\">\n\t\t\t\t\t2025-10-20T10:21:29+00:00\t\t\t\t<\/span>\n\t\t\t\n\t\t<h4 class=\"entry-title\"><a href=\"https:\/\/santabernardita.es\/index.php\/2022\/04\/20\/adscripciones-a-efectos-de-escolarizacion-en-educacion-primaria\/\">CENTROS ADSCRITOS A NIVEL SUPERIOR A EFECTOS DE ESCOLARIZACION<\/a><\/h4><p>De acuerdo con lo establecido en la Orden 1240\/2013, de 17 de abril, de la Consejer\u00eda de Educaci\u00f3n, Juventud y Deporte, por la que se establece el procedimiento para la admisi\u00f3n de alumnos en centros [...]<\/p><\/div><\/div><div class=\"fusion-column column col col-lg-4 col-md-4 col-sm-4\"><div class=\"fusion-flexslider flexslider floated-slideshow flexslider-hover-type-none\"><ul class=\"slides\"><li><a href=\"https:\/\/santabernardita.es\/index.php\/2019\/10\/14\/1142\/\" class=\"hover-type-none\" aria-label=\"RELIQUIAS DE SANTA BERNARDITA\"><img decoding=\"async\" src=\"https:\/\/santabernardita.es\/wp-content\/uploads\/2019\/10\/santa-bernardita-lourdes-web-796x448-177x142.jpg\" alt=\"Santa Bernardita\" \/><\/a><\/li><\/ul><\/div><div class=\"recent-posts-content\">\n\t\t\t\n\t\t\t\t\t\t\t<span class=\"vcard\" style=\"display: none;\">\n\t\t\t\t\t<span class=\"fn\">\n\t\t\t\t\t\t<a href=\"https:\/\/santabernardita.es\/index.php\/author\/joserea\/\" title=\"Entradas de joserea\" rel=\"author\">joserea<\/a>\t\t\t\t\t<\/span>\n\t\t\t\t<\/span>\n\t\t\t\n\t\t\t\t\t\t\t<span class=\"updated\" style=\"display:none;\">\n\t\t\t\t\t2019-10-14T19:58:44+00:00\t\t\t\t<\/span>\n\t\t\t\n\t\t<h4 class=\"entry-title\"><a href=\"https:\/\/santabernardita.es\/index.php\/2019\/10\/14\/1142\/\">RELIQUIAS DE SANTA BERNARDITA<\/a><\/h4><p>El a\u00f1o 2019 marca el 175 aniversario del nacimiento de Bernardita y el 140 de su muerte. Para su conmemoraci\u00f3n, desde el 31 de agosto, sus reliquias se encuentran de peregrinaci\u00f3n por toda Espa\u00f1a, en [...]<\/p><\/div><\/div><div class=\"fusion-column column col col-lg-4 col-md-4 col-sm-4\"><div class=\"fusion-flexslider flexslider floated-slideshow flexslider-hover-type-none\"><ul class=\"slides\"><li><a href=\"https:\/\/santabernardita.es\/index.php\/2018\/10\/19\/la-vaca-lola-nos-da-leche\/\" class=\"hover-type-none\" aria-label=\"\u00a1LA VACA LOLA NOS DA LECHE!\"><img decoding=\"async\" src=\"https:\/\/santabernardita.es\/wp-content\/uploads\/2018\/10\/vaca-web-1-177x142.jpg\" alt=\"\" \/><\/a><\/li><\/ul><\/div><div class=\"recent-posts-content\">\n\t\t\t\n\t\t\t\t\t\t\t<span class=\"vcard\" style=\"display: none;\">\n\t\t\t\t\t<span class=\"fn\">\n\t\t\t\t\t\t<a href=\"https:\/\/santabernardita.es\/index.php\/author\/editorweb\/\" title=\"Entradas de Santa Bernardita\" rel=\"author\">Santa Bernardita<\/a>\t\t\t\t\t<\/span>\n\t\t\t\t<\/span>\n\t\t\t\n\t\t\t\t\t\t\t<span class=\"updated\" style=\"display:none;\">\n\t\t\t\t\t2018-10-19T14:01:47+00:00\t\t\t\t<\/span>\n\t\t\t\n\t\t<h4 class=\"entry-title\"><a href=\"https:\/\/santabernardita.es\/index.php\/2018\/10\/19\/la-vaca-lola-nos-da-leche\/\">\u00a1LA VACA LOLA NOS DA LECHE!<\/a><\/h4><p>Esta semana los ni\u00f1os\/as del primer ciclo de Ed. infantil han tenido una experiencia y acercamiento con la ganader\u00eda estupenda. Sus profesoras has reproducido lo mas ajustado a la realidad posible como se obtiene la [...]<\/p><\/div><\/div><div class=\"fusion-column column col col-lg-4 col-md-4 col-sm-4\"><div class=\"fusion-flexslider flexslider floated-slideshow flexslider-hover-type-none\"><ul class=\"slides\"><li><a href=\"https:\/\/santabernardita.es\/index.php\/2018\/10\/16\/la-importancia-de-la-psicomotricidad-en-educacion-infantil\/\" class=\"hover-type-none\" aria-label=\"PSICOMOTRICIDAD, SU IMPORTANCIA EN LA EDUCACI\u00d3N INFANTIL\"><img decoding=\"async\" src=\"https:\/\/santabernardita.es\/wp-content\/uploads\/2018\/10\/motrices-2-177x142.jpg\" alt=\"\" \/><\/a><\/li><\/ul><\/div><div class=\"recent-posts-content\">\n\t\t\t\n\t\t\t\t\t\t\t<span class=\"vcard\" style=\"display: none;\">\n\t\t\t\t\t<span class=\"fn\">\n\t\t\t\t\t\t<a href=\"https:\/\/santabernardita.es\/index.php\/author\/editorweb\/\" title=\"Entradas de Santa Bernardita\" rel=\"author\">Santa Bernardita<\/a>\t\t\t\t\t<\/span>\n\t\t\t\t<\/span>\n\t\t\t\n\t\t\t\t\t\t\t<span class=\"updated\" style=\"display:none;\">\n\t\t\t\t\t2018-10-16T14:24:09+00:00\t\t\t\t<\/span>\n\t\t\t\n\t\t<h4 class=\"entry-title\"><a href=\"https:\/\/santabernardita.es\/index.php\/2018\/10\/16\/la-importancia-de-la-psicomotricidad-en-educacion-infantil\/\">PSICOMOTRICIDAD, SU IMPORTANCIA EN LA EDUCACI\u00d3N INFANTIL<\/a><\/h4><p>La profesora Esther Pajares Ruiz, ha redactado un interesante art\u00edculo sobre la importancia de la psicomotricidad para la educaci\u00f3n infantil.   &nbsp;<\/p><\/div><\/div><\/section><\/div><div class=\"fusion-clearfix\"><\/div>\n\n\t\t\t\t\t<\/div>\n\t\t\t\t<\/div><\/div><\/div><div class=\"fusion-fullwidth fullwidth-box nonhundred-percent-fullwidth non-hundred-percent-height-scrolling\"  style='background-color: rgba(255,255,255,0);background-position: center center;background-repeat: no-repeat;padding-top:0px;padding-right:0px;padding-bottom:0px;padding-left:0px;'><div class=\"fusion-builder-row fusion-row \"><div  class=\"fusion-layout-column fusion_builder_column fusion_builder_column_1_1  fusion-one-full fusion-column-first fusion-column-last 1_1\"  style='margin-top:0px;margin-bottom:20px;width:100%'>\n\t\t\t\t\t<div class=\"fusion-column-wrapper\" style=\"padding: 0px 0px 0px 0px;background-position:left top;background-repeat:no-repeat;-webkit-background-size:cover;-moz-background-size:cover;-o-background-size:cover;background-size:cover;\"  data-bg-url=\"\">\n\t\t\t\t\t\t<div class=\"fusion-gallery fusion-gallery-container fusion-grid-4 fusion-columns-total-4 fusion-gallery-layout-grid\" style=\"margin:-5px;\"><div style=\"padding:5px;\" class=\"fusion-grid-column fusion-gallery-column fusion-gallery-column-4 hover-type-zoomin\"><div class=\"fusion-gallery-image\"><a href=\"https:\/\/santabernardita.es\/wp-content\/uploads\/2018\/05\/9d.jpg\" class=\"fusion-lightbox\" data-rel=\"iLightbox[d96c28225ada93db5d9]\" data-title=\"9d\" title=\"9d\"><img loading=\"lazy\" decoding=\"async\" width=\"320\" height=\"202\" src=\"https:\/\/santabernardita.es\/wp-content\/uploads\/2018\/05\/9d-320x202.jpg\" alt=\"\" title=\"9d\" aria-label=\"9d\" class=\"img-responsive wp-image-390\" \/><\/a><\/div><\/div><div style=\"padding:5px;\" class=\"fusion-grid-column fusion-gallery-column fusion-gallery-column-4 hover-type-zoomin\"><div class=\"fusion-gallery-image\"><a href=\"https:\/\/santabernardita.es\/wp-content\/uploads\/2018\/05\/10d.jpg\" class=\"fusion-lightbox\" data-rel=\"iLightbox[d96c28225ada93db5d9]\" data-title=\"10d\" title=\"10d\"><img loading=\"lazy\" decoding=\"async\" width=\"320\" height=\"202\" src=\"https:\/\/santabernardita.es\/wp-content\/uploads\/2018\/05\/10d-320x202.jpg\" alt=\"\" title=\"10d\" aria-label=\"10d\" class=\"img-responsive wp-image-391\" \/><\/a><\/div><\/div><div style=\"padding:5px;\" class=\"fusion-grid-column fusion-gallery-column fusion-gallery-column-4 hover-type-zoomin\"><div class=\"fusion-gallery-image\"><a href=\"https:\/\/santabernardita.es\/wp-content\/uploads\/2018\/05\/11d.jpg\" class=\"fusion-lightbox\" data-rel=\"iLightbox[d96c28225ada93db5d9]\" data-title=\"11d\" title=\"11d\"><img loading=\"lazy\" decoding=\"async\" width=\"320\" height=\"202\" src=\"https:\/\/santabernardita.es\/wp-content\/uploads\/2018\/05\/11d-320x202.jpg\" alt=\"\" title=\"11d\" aria-label=\"11d\" class=\"img-responsive wp-image-392\" \/><\/a><\/div><\/div><div style=\"padding:5px;\" class=\"fusion-grid-column fusion-gallery-column fusion-gallery-column-4 hover-type-zoomin\"><div class=\"fusion-gallery-image\"><a href=\"https:\/\/santabernardita.es\/wp-content\/uploads\/2018\/05\/13d.jpg\" class=\"fusion-lightbox\" data-rel=\"iLightbox[d96c28225ada93db5d9]\" data-title=\"13d\" title=\"13d\"><img loading=\"lazy\" decoding=\"async\" width=\"320\" height=\"202\" src=\"https:\/\/santabernardita.es\/wp-content\/uploads\/2018\/05\/13d-320x202.jpg\" alt=\"\" title=\"13d\" aria-label=\"13d\" class=\"img-responsive wp-image-393\" \/><\/a><\/div><\/div><div class=\"clearfix\"><\/div><\/div><div class=\"fusion-clearfix\"><\/div>\n\n\t\t\t\t\t<\/div>\n\t\t\t\t<\/div><\/div><\/div><\/p>\n","protected":false},"excerpt":{"rendered":"","protected":false},"author":1,"featured_media":0,"parent":0,"menu_order":0,"comment_status":"closed","ping_status":"closed","template":"","meta":{"footnotes":""},"class_list":["post-493","page","type-page","status-publish","hentry"],"yoast_head":"<!-- This site is optimized with the Yoast SEO plugin v24.2 - https:\/\/yoast.com\/wordpress\/plugins\/seo\/ -->\n<title>Informaci\u00f3n general - Colegio Santa Bernardita<\/title>\n<meta name=\"robots\" content=\"index, follow, max-snippet:-1, max-image-preview:large, max-video-preview:-1\" \/>\n<link rel=\"canonical\" href=\"https:\/\/santabernardita.es\/index.php\/noticias\/\" \/>\n<meta property=\"og:locale\" content=\"es_ES\" \/>\n<meta property=\"og:type\" content=\"article\" \/>\n<meta property=\"og:title\" content=\"Informaci\u00f3n general - Colegio Santa Bernardita\" \/>\n<meta property=\"og:url\" content=\"https:\/\/santabernardita.es\/index.php\/noticias\/\" \/>\n<meta property=\"og:site_name\" content=\"Colegio Santa Bernardita\" \/>\n<meta property=\"article:modified_time\" content=\"2018-10-19T09:33:16+00:00\" \/>\n<meta name=\"twitter:card\" content=\"summary_large_image\" \/>\n<meta name=\"twitter:label1\" content=\"Tiempo de lectura\" \/>\n\t<meta name=\"twitter:data1\" content=\"3 minutos\" \/>\n<script type=\"application\/ld+json\" class=\"yoast-schema-graph\">{\"@context\":\"https:\/\/schema.org\",\"@graph\":[{\"@type\":\"WebPage\",\"@id\":\"https:\/\/santabernardita.es\/index.php\/noticias\/\",\"url\":\"https:\/\/santabernardita.es\/index.php\/noticias\/\",\"name\":\"Informaci\u00f3n general - Colegio Santa Bernardita\",\"isPartOf\":{\"@id\":\"https:\/\/santabernardita.es\/#website\"},\"datePublished\":\"2018-02-22T10:51:48+00:00\",\"dateModified\":\"2018-10-19T09:33:16+00:00\",\"breadcrumb\":{\"@id\":\"https:\/\/santabernardita.es\/index.php\/noticias\/#breadcrumb\"},\"inLanguage\":\"es\",\"potentialAction\":[{\"@type\":\"ReadAction\",\"target\":[\"https:\/\/santabernardita.es\/index.php\/noticias\/\"]}]},{\"@type\":\"BreadcrumbList\",\"@id\":\"https:\/\/santabernardita.es\/index.php\/noticias\/#breadcrumb\",\"itemListElement\":[{\"@type\":\"ListItem\",\"position\":1,\"name\":\"Portada\",\"item\":\"https:\/\/santabernardita.es\/\"},{\"@type\":\"ListItem\",\"position\":2,\"name\":\"Informaci\u00f3n general\"}]},{\"@type\":\"WebSite\",\"@id\":\"https:\/\/santabernardita.es\/#website\",\"url\":\"https:\/\/santabernardita.es\/\",\"name\":\"Colegio Santa Bernardita\",\"description\":\"Santa Bernardita\",\"potentialAction\":[{\"@type\":\"SearchAction\",\"target\":{\"@type\":\"EntryPoint\",\"urlTemplate\":\"https:\/\/santabernardita.es\/?s={search_term_string}\"},\"query-input\":{\"@type\":\"PropertyValueSpecification\",\"valueRequired\":true,\"valueName\":\"search_term_string\"}}],\"inLanguage\":\"es\"}]}<\/script>\n<!-- \/ Yoast SEO plugin. -->","yoast_head_json":{"title":"Informaci\u00f3n general - Colegio Santa Bernardita","robots":{"index":"index","follow":"follow","max-snippet":"max-snippet:-1","max-image-preview":"max-image-preview:large","max-video-preview":"max-video-preview:-1"},"canonical":"https:\/\/santabernardita.es\/index.php\/noticias\/","og_locale":"es_ES","og_type":"article","og_title":"Informaci\u00f3n general - Colegio Santa Bernardita","og_url":"https:\/\/santabernardita.es\/index.php\/noticias\/","og_site_name":"Colegio Santa Bernardita","article_modified_time":"2018-10-19T09:33:16+00:00","twitter_card":"summary_large_image","twitter_misc":{"Tiempo de lectura":"3 minutos"},"schema":{"@context":"https:\/\/schema.org","@graph":[{"@type":"WebPage","@id":"https:\/\/santabernardita.es\/index.php\/noticias\/","url":"https:\/\/santabernardita.es\/index.php\/noticias\/","name":"Informaci\u00f3n general - Colegio Santa Bernardita","isPartOf":{"@id":"https:\/\/santabernardita.es\/#website"},"datePublished":"2018-02-22T10:51:48+00:00","dateModified":"2018-10-19T09:33:16+00:00","breadcrumb":{"@id":"https:\/\/santabernardita.es\/index.php\/noticias\/#breadcrumb"},"inLanguage":"es","potentialAction":[{"@type":"ReadAction","target":["https:\/\/santabernardita.es\/index.php\/noticias\/"]}]},{"@type":"BreadcrumbList","@id":"https:\/\/santabernardita.es\/index.php\/noticias\/#breadcrumb","itemListElement":[{"@type":"ListItem","position":1,"name":"Portada","item":"https:\/\/santabernardita.es\/"},{"@type":"ListItem","position":2,"name":"Informaci\u00f3n general"}]},{"@type":"WebSite","@id":"https:\/\/santabernardita.es\/#website","url":"https:\/\/santabernardita.es\/","name":"Colegio Santa Bernardita","description":"Santa Bernardita","potentialAction":[{"@type":"SearchAction","target":{"@type":"EntryPoint","urlTemplate":"https:\/\/santabernardita.es\/?s={search_term_string}"},"query-input":{"@type":"PropertyValueSpecification","valueRequired":true,"valueName":"search_term_string"}}],"inLanguage":"es"}]}},"_links":{"self":[{"href":"https:\/\/santabernardita.es\/index.php\/wp-json\/wp\/v2\/pages\/493","targetHints":{"allow":["GET"]}}],"collection":[{"href":"https:\/\/santabernardita.es\/index.php\/wp-json\/wp\/v2\/pages"}],"about":[{"href":"https:\/\/santabernardita.es\/index.php\/wp-json\/wp\/v2\/types\/page"}],"author":[{"embeddable":true,"href":"https:\/\/santabernardita.es\/index.php\/wp-json\/wp\/v2\/users\/1"}],"replies":[{"embeddable":true,"href":"https:\/\/santabernardita.es\/index.php\/wp-json\/wp\/v2\/comments?post=493"}],"version-history":[{"count":4,"href":"https:\/\/santabernardita.es\/index.php\/wp-json\/wp\/v2\/pages\/493\/revisions"}],"predecessor-version":[{"id":718,"href":"https:\/\/santabernardita.es\/index.php\/wp-json\/wp\/v2\/pages\/493\/revisions\/718"}],"wp:attachment":[{"href":"https:\/\/santabernardita.es\/index.php\/wp-json\/wp\/v2\/media?parent=493"}],"curies":[{"name":"wp","href":"https:\/\/api.w.org\/{rel}","templated":true}]}}